{"id":5417,"date":"2019-05-15T09:42:52","date_gmt":"2019-05-15T07:42:52","guid":{"rendered":"https:\/\/www.promotienda.es\/location-decrans-publicitaires\/"},"modified":"2019-05-20T09:47:28","modified_gmt":"2019-05-20T07:47:28","slug":"location-decrans-publicitaires","status":"publish","type":"page","link":"https:\/\/www.promotienda.es\/fr\/location-d-ecrans-publicitaires\/","title":{"rendered":"Location d\u2019\u00e9crans publicitaires"},"content":{"rendered":"<section class=\"wpb-content-wrapper\"><p>[vc_row][vc_column][vc_column_text]<strong>Promotienda<\/strong>, en plus des <a title=\"Vente d\u2019\u00e9crans LCD publicit\u00e9\" href=\"https:\/\/www.promotienda.es\/fr\/vente-d-ecrans-publicitaires\/\" target=\"_blank\" rel=\"noopener noreferrer\">Vente de publicit\u00e9 LCD<\/a>, vous offre la possibilit\u00e9 de louer l\u2019\u00e9quipement (location d\u2019\u00e9crans publicitaires) \u00e0 des prix tr\u00e8s comp\u00e9titifs, offrant une large gamme de moniteurs professionnels avec des joueurs d\u2019image, vid\u00e9o et Son de tr\u00e8s haute qualit\u00e9 et pr\u00eat \u00e0 fonctionner 24 heures 365 jours sans interruptions.<\/p>\n<p>Nous offrons un <strong>service complet d\u2019embauche et de gestion<\/strong> de moniteurs pour l\u2019Espagne et le Portugal qui comprend:<\/p>\n<ul>\n<li>Logistique int\u00e9grale: envoi de l\u2019\u00e9quipement et coordination avec le responsable du point de vente (GPV) pour l\u2019assemblage et la mise en marche.<\/li>\n<li>Service de suivi exhaustif pour chaque action.<\/li>\n<li>Contr\u00f4le total par soumission d\u2019\u00e9tat p\u00e9riodique.<\/li>\n<li>Maintenance technique en 24 h.<\/li>\n<\/ul>\n<p>Nous prenons \u00e9galement en <strong>charge le processus du d\u00e9but \u00e0 la fin<\/strong>:<\/p>\n<ul>\n<li>\u00c9dition spot originale.<\/li>\n<li>R\u00e9alisation du ma\u00eetre sans fin et cr\u00e9ation de doublons de carte m\u00e9moire SD\/CF.<\/li>\n<li>Exp\u00e9dition d\u2019\u00e9quipement \u00e0 l\u2019avance de 4-5 jours.<\/li>\n<li>Confirmation de la r\u00e9ception au point de vente.<\/li>\n<li>Suivi de l\u2019installation et mise en marche correcte.<\/li>\n<li>Collecte de l\u2019\u00e9quipement \u00e0 la fin de l\u2019action promotionnelle.<\/li>\n<\/ul>\n<p>Demandez un devis pour la location d\u2019\u00e9crans publicitaires LCD.<\/p>\n<p>Ou si vous pr\u00e9f\u00e9rez,<\/p>\n<p>T\u00e9l\u00e9chargez notre catalogue d\u2019\u00e9crans publicitaires LCD en format PDF en <a href=\"http:\/\/www.promotienda.es\/pdf\/catalogo-promotienda.pdf\">cliquant ici.<\/a>[\/vc_column_text][\/vc_column][\/vc_row]<\/p>\n<\/section>","protected":false},"excerpt":{"rendered":"<p>[vc_row][vc_column][vc_column_text]Promotienda, en plus des Vente de publicit\u00e9 LCD, vous offre la possibilit\u00e9 de louer l\u2019\u00e9quipement (location d\u2019\u00e9crans publicitaires) \u00e0 des prix tr\u00e8s comp\u00e9titifs, offrant une large gamme de moniteurs professionnels avec des joueurs d\u2019image, vid\u00e9o et Son de tr\u00e8s haute qualit\u00e9 et pr\u00eat \u00e0 fonctionner 24 heures 365 jours sans interruptions. Nous offrons un service&hellip;<\/p>\n","protected":false},"author":1,"featured_media":0,"parent":5426,"menu_order":2,"comment_status":"closed","ping_status":"closed","template":"","meta":{"ngg_post_thumbnail":0},"yoast_head":"<!-- This site is optimized with the Yoast SEO plugin v20.3 - https:\/\/yoast.com\/wordpress\/plugins\/seo\/ -->\n<title>\u00c9crans publicitaires location, \u00e9crans publicitaires Rental-Promotienda<\/title>\n<meta name=\"description\" content=\"Les locations d\u2019\u00e9crans publicitaires vous permettent de faire de la publicit\u00e9 au point de vente efficace et \u00e0 faible co\u00fbt. Apprenez maintenant \u00e0 am\u00e9liorer vos ventes.\" \/>\n<meta name=\"robots\" content=\"index, follow, max-snippet:-1, max-image-preview:large, max-video-preview:-1\" \/>\n<link rel=\"canonical\" href=\"https:\/\/www.promotienda.es\/fr\/location-d-ecrans-publicitaires\/\" \/>\n<meta property=\"og:locale\" content=\"fr_FR\" \/>\n<meta property=\"og:type\" content=\"article\" \/>\n<meta property=\"og:title\" content=\"\u00c9crans publicitaires location, \u00e9crans publicitaires Rental-Promotienda\" \/>\n<meta property=\"og:description\" content=\"Les locations d\u2019\u00e9crans publicitaires vous permettent de faire de la publicit\u00e9 au point de vente efficace et \u00e0 faible co\u00fbt. Apprenez maintenant \u00e0 am\u00e9liorer vos ventes.\" \/>\n<meta property=\"og:url\" content=\"https:\/\/www.promotienda.es\/fr\/location-d-ecrans-publicitaires\/\" \/>\n<meta property=\"og:site_name\" content=\"Promotienda\" \/>\n<meta property=\"article:modified_time\" content=\"2019-05-20T07:47:28+00:00\" \/>\n<meta name=\"twitter:card\" content=\"summary_large_image\" \/>\n<meta name=\"twitter:label1\" content=\"Dur\u00e9e de lecture estim\u00e9e\" \/>\n\t<meta name=\"twitter:data1\" content=\"1 minute\" \/>\n<script type=\"application\/ld+json\" class=\"yoast-schema-graph\">{\"@context\":\"https:\/\/schema.org\",\"@graph\":[{\"@type\":\"WebPage\",\"@id\":\"https:\/\/www.promotienda.es\/fr\/location-d-ecrans-publicitaires\/\",\"url\":\"https:\/\/www.promotienda.es\/fr\/location-d-ecrans-publicitaires\/\",\"name\":\"\u00c9crans publicitaires location, \u00e9crans publicitaires Rental-Promotienda\",\"isPartOf\":{\"@id\":\"https:\/\/www.promotienda.es\/en\/#website\"},\"datePublished\":\"2019-05-15T07:42:52+00:00\",\"dateModified\":\"2019-05-20T07:47:28+00:00\",\"description\":\"Les locations d\u2019\u00e9crans publicitaires vous permettent de faire de la publicit\u00e9 au point de vente efficace et \u00e0 faible co\u00fbt. Apprenez maintenant \u00e0 am\u00e9liorer vos ventes.\",\"breadcrumb\":{\"@id\":\"https:\/\/www.promotienda.es\/fr\/location-d-ecrans-publicitaires\/#breadcrumb\"},\"inLanguage\":\"fr-FR\",\"potentialAction\":[{\"@type\":\"ReadAction\",\"target\":[\"https:\/\/www.promotienda.es\/fr\/location-d-ecrans-publicitaires\/\"]}]},{\"@type\":\"BreadcrumbList\",\"@id\":\"https:\/\/www.promotienda.es\/fr\/location-d-ecrans-publicitaires\/#breadcrumb\",\"itemListElement\":[{\"@type\":\"ListItem\",\"position\":1,\"name\":\"Portada\",\"item\":\"https:\/\/www.promotienda.es\/fr\/\"},{\"@type\":\"ListItem\",\"position\":2,\"name\":\"Services et produits\",\"item\":\"https:\/\/www.promotienda.es\/fr\/services-et-produits\/\"},{\"@type\":\"ListItem\",\"position\":3,\"name\":\"Location d\u2019\u00e9crans publicitaires\"}]},{\"@type\":\"WebSite\",\"@id\":\"https:\/\/www.promotienda.es\/en\/#website\",\"url\":\"https:\/\/www.promotienda.es\/en\/\",\"name\":\"Promotienda\",\"description\":\"\",\"potentialAction\":[{\"@type\":\"SearchAction\",\"target\":{\"@type\":\"EntryPoint\",\"urlTemplate\":\"https:\/\/www.promotienda.es\/en\/?s={search_term_string}\"},\"query-input\":\"required name=search_term_string\"}],\"inLanguage\":\"fr-FR\"}]}<\/script>\n<!-- \/ Yoast SEO plugin. -->","yoast_head_json":{"title":"\u00c9crans publicitaires location, \u00e9crans publicitaires Rental-Promotienda","description":"Les locations d\u2019\u00e9crans publicitaires vous permettent de faire de la publicit\u00e9 au point de vente efficace et \u00e0 faible co\u00fbt. Apprenez maintenant \u00e0 am\u00e9liorer vos ventes.","robots":{"index":"index","follow":"follow","max-snippet":"max-snippet:-1","max-image-preview":"max-image-preview:large","max-video-preview":"max-video-preview:-1"},"canonical":"https:\/\/www.promotienda.es\/fr\/location-d-ecrans-publicitaires\/","og_locale":"fr_FR","og_type":"article","og_title":"\u00c9crans publicitaires location, \u00e9crans publicitaires Rental-Promotienda","og_description":"Les locations d\u2019\u00e9crans publicitaires vous permettent de faire de la publicit\u00e9 au point de vente efficace et \u00e0 faible co\u00fbt. Apprenez maintenant \u00e0 am\u00e9liorer vos ventes.","og_url":"https:\/\/www.promotienda.es\/fr\/location-d-ecrans-publicitaires\/","og_site_name":"Promotienda","article_modified_time":"2019-05-20T07:47:28+00:00","twitter_card":"summary_large_image","twitter_misc":{"Dur\u00e9e de lecture estim\u00e9e":"1 minute"},"schema":{"@context":"https:\/\/schema.org","@graph":[{"@type":"WebPage","@id":"https:\/\/www.promotienda.es\/fr\/location-d-ecrans-publicitaires\/","url":"https:\/\/www.promotienda.es\/fr\/location-d-ecrans-publicitaires\/","name":"\u00c9crans publicitaires location, \u00e9crans publicitaires Rental-Promotienda","isPartOf":{"@id":"https:\/\/www.promotienda.es\/en\/#website"},"datePublished":"2019-05-15T07:42:52+00:00","dateModified":"2019-05-20T07:47:28+00:00","description":"Les locations d\u2019\u00e9crans publicitaires vous permettent de faire de la publicit\u00e9 au point de vente efficace et \u00e0 faible co\u00fbt. Apprenez maintenant \u00e0 am\u00e9liorer vos ventes.","breadcrumb":{"@id":"https:\/\/www.promotienda.es\/fr\/location-d-ecrans-publicitaires\/#breadcrumb"},"inLanguage":"fr-FR","potentialAction":[{"@type":"ReadAction","target":["https:\/\/www.promotienda.es\/fr\/location-d-ecrans-publicitaires\/"]}]},{"@type":"BreadcrumbList","@id":"https:\/\/www.promotienda.es\/fr\/location-d-ecrans-publicitaires\/#breadcrumb","itemListElement":[{"@type":"ListItem","position":1,"name":"Portada","item":"https:\/\/www.promotienda.es\/fr\/"},{"@type":"ListItem","position":2,"name":"Services et produits","item":"https:\/\/www.promotienda.es\/fr\/services-et-produits\/"},{"@type":"ListItem","position":3,"name":"Location d\u2019\u00e9crans publicitaires"}]},{"@type":"WebSite","@id":"https:\/\/www.promotienda.es\/en\/#website","url":"https:\/\/www.promotienda.es\/en\/","name":"Promotienda","description":"","potentialAction":[{"@type":"SearchAction","target":{"@type":"EntryPoint","urlTemplate":"https:\/\/www.promotienda.es\/en\/?s={search_term_string}"},"query-input":"required name=search_term_string"}],"inLanguage":"fr-FR"}]}},"_links":{"self":[{"href":"https:\/\/www.promotienda.es\/fr\/wp-json\/wp\/v2\/pages\/5417"}],"collection":[{"href":"https:\/\/www.promotienda.es\/fr\/wp-json\/wp\/v2\/pages"}],"about":[{"href":"https:\/\/www.promotienda.es\/fr\/wp-json\/wp\/v2\/types\/page"}],"author":[{"embeddable":true,"href":"https:\/\/www.promotienda.es\/fr\/wp-json\/wp\/v2\/users\/1"}],"replies":[{"embeddable":true,"href":"https:\/\/www.promotienda.es\/fr\/wp-json\/wp\/v2\/comments?post=5417"}],"version-history":[{"count":2,"href":"https:\/\/www.promotienda.es\/fr\/wp-json\/wp\/v2\/pages\/5417\/revisions"}],"predecessor-version":[{"id":5872,"href":"https:\/\/www.promotienda.es\/fr\/wp-json\/wp\/v2\/pages\/5417\/revisions\/5872"}],"up":[{"embeddable":true,"href":"https:\/\/www.promotienda.es\/fr\/wp-json\/wp\/v2\/pages\/5426"}],"wp:attachment":[{"href":"https:\/\/www.promotienda.es\/fr\/wp-json\/wp\/v2\/media?parent=5417"}],"curies":[{"name":"wp","href":"https:\/\/api.w.org\/{rel}","templated":true}]}}